{"id":1947,"date":"2019-03-13T10:19:06","date_gmt":"2019-03-13T09:19:06","guid":{"rendered":"http:\/\/garanley.com\/?page_id=1947"},"modified":"2019-03-22T12:21:51","modified_gmt":"2019-03-22T11:21:51","slug":"advocats-civilistes","status":"publish","type":"page","link":"https:\/\/garanley.com\/ca\/advocats-civilistes\/","title":{"rendered":"Derecho Civil"},"content":{"rendered":"\t\t<div data-elementor-type=\"wp-post\" data-elementor-id=\"1947\" class=\"elementor elementor-1947\" data-elementor-settings=\"[]\">\n\t\t\t\t\t\t<div class=\"elementor-inner\">\n\t\t\t\t\t\t\t<div class=\"elementor-section-wrap\">\n\t\t\t\t\t\t\t<section class=\"elementor-section elementor-top-section elementor-element elementor-element-390aea32 elementor-section-height-min-height elementor-section-boxed elementor-section-height-default elementor-section-items-middle\" data-id=\"390aea32\" data-element_type=\"section\" data-settings=\"{&quot;background_background&quot;:&quot;classic&quot;}\">\n\t\t\t\t\t\t\t<div class=\"elementor-background-overlay\"><\/div>\n\t\t\t\t\t\t\t<div class=\"elementor-container elementor-column-gap-no\">\n\t\t\t\t\t\t\t<div class=\"elementor-row\">\n\t\t\t\t\t<div class=\"elementor-column elementor-col-100 elementor-top-column elementor-element elementor-element-6cb78562\" data-id=\"6cb78562\" data-element_type=\"column\">\n\t\t\t<div class=\"elementor-column-wrap elementor-element-populated\">\n\t\t\t\t\t\t\t<div class=\"elementor-widget-wrap\">\n\t\t\t\t\t\t<div class=\"elementor-element elementor-element-4314f5b6 elementor-widget elementor-widget-heading\" data-id=\"4314f5b6\" data-element_type=\"widget\" data-widget_type=\"heading.default\">\n\t\t\t\t<div class=\"elementor-widget-container\">\n\t\t\t<h1 class=\"elementor-heading-title elementor-size-medium\">Advocats civilistes a Barcelona<\/h1>\t\t<\/div>\n\t\t\t\t<\/div>\n\t\t\t\t\t\t<\/div>\n\t\t\t\t\t<\/div>\n\t\t<\/div>\n\t\t\t\t\t\t\t\t<\/div>\n\t\t\t\t\t<\/div>\n\t\t<\/section>\n\t\t\t\t<section class=\"elementor-section elementor-top-section elementor-element elementor-element-57903ad7 elementor-section-content-middle elementor-section-boxed elementor-section-height-default elementor-section-height-default\" data-id=\"57903ad7\" data-element_type=\"section\">\n\t\t\t\t\t\t<div class=\"elementor-container elementor-column-gap-no\">\n\t\t\t\t\t\t\t<div class=\"elementor-row\">\n\t\t\t\t\t<div class=\"elementor-column elementor-col-100 elementor-top-column elementor-element elementor-element-638c8282\" data-id=\"638c8282\" data-element_type=\"column\">\n\t\t\t<div class=\"elementor-column-wrap elementor-element-populated\">\n\t\t\t\t\t\t\t<div class=\"elementor-widget-wrap\">\n\t\t\t\t\t\t<div class=\"elementor-element elementor-element-28f1ddbb uael-stack-desktop-no uael-heading-stack-none elementor-widget elementor-widget-uael-dual-color-heading\" data-id=\"28f1ddbb\" data-element_type=\"widget\" data-widget_type=\"uael-dual-color-heading.default\">\n\t\t\t\t<div class=\"elementor-widget-container\">\n\t\t\t\t\t\t\t<div class=\"uael-module-content uael-dual-color-heading\">\n\t\t\t<h2>\n\t\t\t\t\t\t\t\t\t\t\t\t\t\t\t\t<span class=\"uael-before-heading\"><span class=\"elementor-inline-editing uael-dual-heading-text uael-first-text\" data-elementor-setting-key=\"before_heading_text\" data-elementor-inline-editing-toolbar=\"basic\">Especialitzats en dret civil<\/span><\/span><span class=\"uael-adv-heading-stack\"><span class=\"elementor-inline-editing uael-dual-heading-text uael-highlight-text\" data-elementor-setting-key=\"second_heading_text\" data-elementor-inline-editing-toolbar=\"basic\">amb m\u00e9s de 15 anys d'experi\u00e8ncia<\/span><\/span>\t\t\t\t\t\t\t\t\t\t\t\t\t<\/h2>\n\t\t<\/div>\n\t\t\t\t<\/div>\n\t\t\t\t<\/div>\n\t\t\t\t<section class=\"elementor-section elementor-inner-section elementor-element elementor-element-78581bb elementor-section-boxed elementor-section-height-default elementor-section-height-default\" data-id=\"78581bb\" data-element_type=\"section\">\n\t\t\t\t\t\t<div class=\"elementor-container elementor-column-gap-default\">\n\t\t\t\t\t\t\t<div class=\"elementor-row\">\n\t\t\t\t\t<div class=\"elementor-column elementor-col-100 elementor-inner-column elementor-element elementor-element-2a8c6349 cursor\" data-id=\"2a8c6349\" data-element_type=\"column\">\n\t\t\t<div class=\"elementor-column-wrap elementor-element-populated\">\n\t\t\t\t\t\t\t<div class=\"elementor-widget-wrap\">\n\t\t\t\t\t\t<div class=\"elementor-element elementor-element-400b7c53 elementor-widget elementor-widget-text-editor\" data-id=\"400b7c53\" data-element_type=\"widget\" data-widget_type=\"text-editor.default\">\n\t\t\t\t<div class=\"elementor-widget-container\">\n\t\t\t\t\t\t\t\t<div class=\"elementor-text-editor elementor-clearfix\">\n\t\t\t\t\t<p>En Garanley Advocats comptem amb professionals <strong>advocat en dret civil a Barcelona<\/strong>. Per aix\u00f2, si busques un advocat civil a Barcelona no dubtis a contactar-nos. Aquesta \u00e0rea \u00e9s la m\u00e9s ampli en mat\u00e8ries, degut que compr\u00e8n la gran extensi\u00f3 del nostre Ordenament Jur\u00eddic de dret privat.<\/p>\n\t\t\t\t\t<\/div>\n\t\t\t\t\t\t<\/div>\n\t\t\t\t<\/div>\n\t\t\t\t<div class=\"elementor-element elementor-element-62d3f626 elementor-widget elementor-widget-text-editor\" data-id=\"62d3f626\" data-element_type=\"widget\" data-widget_type=\"text-editor.default\">\n\t\t\t\t<div class=\"elementor-widget-container\">\n\t\t\t\t\t\t\t\t<div class=\"elementor-text-editor elementor-clearfix\">\n\t\t\t\t\t<p>En Garanley Advocats comptem amb professionals <strong>advocat en dret civil a Barcelona<\/strong>. Per aix\u00f2, si busquis un advocat civil a Barcelona no dubtis a contactar-ens. Aquesta \u00e0rea \u00e9s la m\u00e9s ampli en mat\u00e8ries, degut que compr\u00e8n la gran extensi\u00f3 del nostre Ordenament Jur\u00eddic de dret privat.<\/p>\n\t\t\t\t\t<\/div>\n\t\t\t\t\t\t<\/div>\n\t\t\t\t<\/div>\n\t\t\t\t<div class=\"elementor-element elementor-element-6ce312ce uael-stack-desktop-no uael-heading-stack-none elementor-widget elementor-widget-uael-dual-color-heading\" data-id=\"6ce312ce\" data-element_type=\"widget\" data-widget_type=\"uael-dual-color-heading.default\">\n\t\t\t\t<div class=\"elementor-widget-container\">\n\t\t\t\t\t\t\t<div class=\"uael-module-content uael-dual-color-heading\">\n\t\t\t<h2>\n\t\t\t\t\t\t\t\t\t\t\t\t\t\t\t\t<span class=\"uael-before-heading\"><span class=\"elementor-inline-editing uael-dual-heading-text uael-first-text\" data-elementor-setting-key=\"before_heading_text\" data-elementor-inline-editing-toolbar=\"basic\">Especialitats com advocats de dret civil<\/span><\/span><span class=\"uael-adv-heading-stack\"><span class=\"elementor-inline-editing uael-dual-heading-text uael-highlight-text\" data-elementor-setting-key=\"second_heading_text\" data-elementor-inline-editing-toolbar=\"basic\">a Barcelona:<\/span><\/span>\t\t\t\t\t\t\t\t\t\t\t\t\t<\/h2>\n\t\t<\/div>\n\t\t\t\t<\/div>\n\t\t\t\t<\/div>\n\t\t\t\t<div class=\"elementor-element elementor-element-36f40550 elementor-align-left elementor-icon-list--layout-traditional elementor-list-item-link-full_width elementor-widget elementor-widget-icon-list\" data-id=\"36f40550\" data-element_type=\"widget\" data-widget_type=\"icon-list.default\">\n\t\t\t\t<div class=\"elementor-widget-container\">\n\t\t\t\t\t<ul class=\"elementor-icon-list-items\">\n\t\t\t\t\t\t\t<li class=\"elementor-icon-list-item\">\n\t\t\t\t\t\t\t\t\t\t\t<span class=\"elementor-icon-list-icon\">\n\t\t\t\t\t\t\t\t\t\t\t\t\t\t\t\t<i class=\"fa fa-check-square-o\" aria-hidden=\"true\"><\/i>\n\t\t\t\t\t\t\t\t\t\t\t\t\t<\/span>\n\t\t\t\t\t\t\t\t\t\t<span class=\"elementor-icon-list-text\">Reclamacions de quantitat i impagats. <a href=\"\/civil\/proceso-monitorio\/\">Monitoris<\/a> i canviaris.<\/span>\n\t\t\t\t\t\t\t\t\t<\/li>\n\t\t\t\t\t\t\t\t<li class=\"elementor-icon-list-item\">\n\t\t\t\t\t\t\t\t\t\t\t<span class=\"elementor-icon-list-icon\">\n\t\t\t\t\t\t\t\t\t\t\t\t\t\t\t\t<i class=\"fa fa-check-square-o\" aria-hidden=\"true\"><\/i>\n\t\t\t\t\t\t\t\t\t\t\t\t\t<\/span>\n\t\t\t\t\t\t\t\t\t\t<span class=\"elementor-icon-list-text\">Estudi i redacci\u00f3 de contractes civils de compravenda, arrendament, permutes, opcions de compra.<\/span>\n\t\t\t\t\t\t\t\t\t<\/li>\n\t\t\t\t\t\t\t\t<li class=\"elementor-icon-list-item\">\n\t\t\t\t\t\t\t\t\t\t\t<span class=\"elementor-icon-list-icon\">\n\t\t\t\t\t\t\t\t\t\t\t\t\t\t\t\t<i class=\"fa fa-check-square-o\" aria-hidden=\"true\"><\/i>\n\t\t\t\t\t\t\t\t\t\t\t\t\t<\/span>\n\t\t\t\t\t\t\t\t\t\t<span class=\"elementor-icon-list-text\">Intervenci\u00f3 en l'\u00e0mbit immobiliari i de la construcci\u00f3.<\/span>\n\t\t\t\t\t\t\t\t\t<\/li>\n\t\t\t\t\t\t\t\t<li class=\"elementor-icon-list-item\">\n\t\t\t\t\t\t\t\t\t\t\t<span class=\"elementor-icon-list-icon\">\n\t\t\t\t\t\t\t\t\t\t\t\t\t\t\t\t<i class=\"fa fa-check-square-o\" aria-hidden=\"true\"><\/i>\n\t\t\t\t\t\t\t\t\t\t\t\t\t<\/span>\n\t\t\t\t\t\t\t\t\t\t<span class=\"elementor-icon-list-text\">Responsabilitat civil contractual i extracontractual.<\/span>\n\t\t\t\t\t\t\t\t\t<\/li>\n\t\t\t\t\t\t\t\t<li class=\"elementor-icon-list-item\">\n\t\t\t\t\t\t\t\t\t\t\t<span class=\"elementor-icon-list-icon\">\n\t\t\t\t\t\t\t\t\t\t\t\t\t\t\t\t<i class=\"fa fa-check-square-o\" aria-hidden=\"true\"><\/i>\n\t\t\t\t\t\t\t\t\t\t\t\t\t<\/span>\n\t\t\t\t\t\t\t\t\t\t<span class=\"elementor-icon-list-text\">Reclamaci\u00f3 per <a href=\"\/civil\/responsabilidad-danos\/\">responsabilitat de danys<\/a>.<\/span>\n\t\t\t\t\t\t\t\t\t<\/li>\n\t\t\t\t\t\t\t\t<li class=\"elementor-icon-list-item\">\n\t\t\t\t\t\t\t\t\t\t\t<span class=\"elementor-icon-list-icon\">\n\t\t\t\t\t\t\t\t\t\t\t\t\t\t\t\t<i class=\"fa fa-check-square-o\" aria-hidden=\"true\"><\/i>\n\t\t\t\t\t\t\t\t\t\t\t\t\t<\/span>\n\t\t\t\t\t\t\t\t\t\t<span class=\"elementor-icon-list-text\">Transaccions, conciliacions i solucions extrajudicials.<\/span>\n\t\t\t\t\t\t\t\t\t<\/li>\n\t\t\t\t\t\t\t\t<li class=\"elementor-icon-list-item\">\n\t\t\t\t\t\t\t\t\t\t\t<span class=\"elementor-icon-list-icon\">\n\t\t\t\t\t\t\t\t\t\t\t\t\t\t\t\t<i class=\"fa fa-check-square-o\" aria-hidden=\"true\"><\/i>\n\t\t\t\t\t\t\t\t\t\t\t\t\t<\/span>\n\t\t\t\t\t\t\t\t\t\t<span class=\"elementor-icon-list-text\">Procediments judicials en mat\u00e8ria de propietat.<\/span>\n\t\t\t\t\t\t\t\t\t<\/li>\n\t\t\t\t\t\t\t\t<li class=\"elementor-icon-list-item\">\n\t\t\t\t\t\t\t\t\t\t\t<span class=\"elementor-icon-list-icon\">\n\t\t\t\t\t\t\t\t\t\t\t\t\t\t\t\t<i class=\"fa fa-check-square-o\" aria-hidden=\"true\"><\/i>\n\t\t\t\t\t\t\t\t\t\t\t\t\t<\/span>\n\t\t\t\t\t\t\t\t\t\t<span class=\"elementor-icon-list-text\">Divisi\u00f3 judicial i extrajudicial de patrimonis.<\/span>\n\t\t\t\t\t\t\t\t\t<\/li>\n\t\t\t\t\t\t\t\t<li class=\"elementor-icon-list-item\">\n\t\t\t\t\t\t\t\t\t\t\t<span class=\"elementor-icon-list-icon\">\n\t\t\t\t\t\t\t\t\t\t\t\t\t\t\t\t<i class=\"fa fa-check-square-o\" aria-hidden=\"true\"><\/i>\n\t\t\t\t\t\t\t\t\t\t\t\t\t<\/span>\n\t\t\t\t\t\t\t\t\t\t<span class=\"elementor-icon-list-text\"><a href=http:\/\/garanley.com\/ca\/dret-civil\/desnonament-expres\/\">Desnonaments<\/a>.<\/span>\n\t\t\t\t\t\t\t\t\t<\/li>\n\t\t\t\t\t\t<\/ul>\n\t\t\t\t<\/div>\n\t\t\t\t<\/div>\n\t\t\t\t<div class=\"elementor-element elementor-element-1d3836e4 elementor-widget elementor-widget-text-editor\" data-id=\"1d3836e4\" data-element_type=\"widget\" data-widget_type=\"text-editor.default\">\n\t\t\t\t<div class=\"elementor-widget-container\">\n\t\t\t\t\t\t\t\t<div class=\"elementor-text-editor elementor-clearfix\">\n\t\t\t\t\t<p>En Garanley Advocats comptem amb professionals <strong>advocat en dret civil a Barcelona<\/strong>. Per aix\u00f2, si busques un advocat civil a Barcelona no dubtis a contactar-nos. Aquesta \u00e0rea \u00e9s la m\u00e9s ampli en mat\u00e8ries, degut que compr\u00e8n la gran extensi\u00f3 del nostre Ordenament Jur\u00eddic de dret privat.<\/p>\n\t\t\t\t\t<\/div>\n\t\t\t\t\t\t<\/div>\n\t\t\t\t<\/div>\n\t\t\t\t<div class=\"elementor-element elementor-element-a59bec1 uael-stack-desktop-no uael-heading-stack-none elementor-widget elementor-widget-uael-dual-color-heading\" data-id=\"a59bec1\" data-element_type=\"widget\" data-widget_type=\"uael-dual-color-heading.default\">\n\t\t\t\t<div class=\"elementor-widget-container\">\n\t\t\t\t\t\t\t<div class=\"uael-module-content uael-dual-color-heading\">\n\t\t\t<h2>\n\t\t\t\t\t\t\t\t\t\t\t\t\t\t\t\t<span class=\"uael-before-heading\"><span class=\"elementor-inline-editing uael-dual-heading-text uael-first-text\" data-elementor-setting-key=\"before_heading_text\" data-elementor-inline-editing-toolbar=\"basic\">Serveis d'advocat especilista en dret civil<\/span><\/span><span class=\"uael-adv-heading-stack\"><span class=\"elementor-inline-editing uael-dual-heading-text uael-highlight-text\" data-elementor-setting-key=\"second_heading_text\" data-elementor-inline-editing-toolbar=\"basic\">al nostre despatx de Barcelona<\/span><\/span>\t\t\t\t\t\t\t\t\t\t\t\t\t<\/h2>\n\t\t<\/div>\n\t\t\t\t<\/div>\n\t\t\t\t<\/div>\n\t\t\t\t<div class=\"elementor-element elementor-element-52578e61 elementor-widget elementor-widget-text-editor\" data-id=\"52578e61\" data-element_type=\"widget\" data-widget_type=\"text-editor.default\">\n\t\t\t\t<div class=\"elementor-widget-container\">\n\t\t\t\t\t\t\t\t<div class=\"elementor-text-editor elementor-clearfix\">\n\t\t\t\t\t<p>A Garanley advocats disposem d&#8217;un equip amb extensa experi\u00e8ncia en l&#8217;\u00e0mbit civil. Tant a nivell d&#8217;orientaci\u00f3 i assessorament com en l&#8217;\u00e0mbit processal.<br><\/p>\t\t\t\t\t<\/div>\n\t\t\t\t\t\t<\/div>\n\t\t\t\t<\/div>\n\t\t\t\t<div class=\"elementor-element elementor-element-4c729086 uael-stack-desktop-no uael-heading-stack-none elementor-widget elementor-widget-uael-dual-color-heading\" data-id=\"4c729086\" data-element_type=\"widget\" data-widget_type=\"uael-dual-color-heading.default\">\n\t\t\t\t<div class=\"elementor-widget-container\">\n\t\t\t\t\t\t\t<div class=\"uael-module-content uael-dual-color-heading\">\n\t\t\t<h3>\n\t\t\t\t\t\t\t\t\t\t\t\t\t\t\t\t<span class=\"uael-before-heading\"><span class=\"elementor-inline-editing uael-dual-heading-text uael-first-text\" data-elementor-setting-key=\"before_heading_text\" data-elementor-inline-editing-toolbar=\"basic\">Reclamacions de q\u00fcantitats i impagaments<\/span><\/span><span class=\"uael-adv-heading-stack\"><span class=\"elementor-inline-editing uael-dual-heading-text uael-highlight-text\" data-elementor-setting-key=\"second_heading_text\" data-elementor-inline-editing-toolbar=\"basic\"><\/span><\/span>\t\t\t\t\t\t\t\t\t\t\t\t\t<\/h3>\n\t\t<\/div>\n\t\t\t\t<\/div>\n\t\t\t\t<\/div>\n\t\t\t\t<div class=\"elementor-element elementor-element-716b5304 elementor-widget elementor-widget-text-editor\" data-id=\"716b5304\" data-element_type=\"widget\" data-widget_type=\"text-editor.default\">\n\t\t\t\t<div class=\"elementor-widget-container\">\n\t\t\t\t\t\t\t\t<div class=\"elementor-text-editor elementor-clearfix\">\n\t\t\t\t\t<p>Aquest tipus d&#8217;accions s&#8217;emprenen quan tens un cr\u00e8dit o un deute que es deriva d&#8217;una relaci\u00f3 comercial o contractual. Per exemple, si tens una empresa i algun dels teus clients no ha fet front als pagaments.<br><\/p>\n<p>Per a resoldre aquest problema l&#8217;ideal seria contactar amb un advocat civil.<br><\/p>\t\t\t\t\t<\/div>\n\t\t\t\t\t\t<\/div>\n\t\t\t\t<\/div>\n\t\t\t\t<div class=\"elementor-element elementor-element-2332fb7d uael-stack-desktop-no uael-heading-stack-none elementor-widget elementor-widget-uael-dual-color-heading\" data-id=\"2332fb7d\" data-element_type=\"widget\" data-widget_type=\"uael-dual-color-heading.default\">\n\t\t\t\t<div class=\"elementor-widget-container\">\n\t\t\t\t\t\t\t<div class=\"uael-module-content uael-dual-color-heading\">\n\t\t\t<h3>\n\t\t\t\t\t\t\t\t\t\t\t\t\t\t\t\t<span class=\"uael-before-heading\"><span class=\"elementor-inline-editing uael-dual-heading-text uael-first-text\" data-elementor-setting-key=\"before_heading_text\" data-elementor-inline-editing-toolbar=\"basic\">Estudi i redacci\u00f3 de contractes<\/span><\/span><span class=\"uael-adv-heading-stack\"><span class=\"elementor-inline-editing uael-dual-heading-text uael-highlight-text\" data-elementor-setting-key=\"second_heading_text\" data-elementor-inline-editing-toolbar=\"basic\"><\/span><\/span>\t\t\t\t\t\t\t\t\t\t\t\t\t<\/h3>\n\t\t<\/div>\n\t\t\t\t<\/div>\n\t\t\t\t<\/div>\n\t\t\t\t<div class=\"elementor-element elementor-element-1c8c6ac9 elementor-widget elementor-widget-text-editor\" data-id=\"1c8c6ac9\" data-element_type=\"widget\" data-widget_type=\"text-editor.default\">\n\t\t\t\t<div class=\"elementor-widget-container\">\n\t\t\t\t\t\t\t\t<div class=\"elementor-text-editor elementor-clearfix\">\n\t\t\t\t\t<p>\u00c9s important saber qu\u00e8 \u00e9s el que implica qualsevol contracte que ferms. D&#8217;igual forma ocorre a l&#8217;hora de redactar-ho. Ja que qualsevol fallada o incongru\u00e8ncia podria eliminar els seus efectes.<br><\/p><p>Els nostres professionals podran ajudar-te en tots dos sup\u00f2sits.<br><\/p>\t\t\t\t\t<\/div>\n\t\t\t\t\t\t<\/div>\n\t\t\t\t<\/div>\n\t\t\t\t<div class=\"elementor-element elementor-element-3c7bdb49 uael-stack-desktop-no uael-heading-stack-none elementor-widget elementor-widget-uael-dual-color-heading\" data-id=\"3c7bdb49\" data-element_type=\"widget\" data-widget_type=\"uael-dual-color-heading.default\">\n\t\t\t\t<div class=\"elementor-widget-container\">\n\t\t\t\t\t\t\t<div class=\"uael-module-content uael-dual-color-heading\">\n\t\t\t<h3>\n\t\t\t\t\t\t\t\t\t\t\t\t\t\t\t\t<span class=\"uael-before-heading\"><span class=\"elementor-inline-editing uael-dual-heading-text uael-first-text\" data-elementor-setting-key=\"before_heading_text\" data-elementor-inline-editing-toolbar=\"basic\">\u00c0mbit inmobiliari i de la construcci\u00f3<\/span><\/span><span class=\"uael-adv-heading-stack\"><span class=\"elementor-inline-editing uael-dual-heading-text uael-highlight-text\" data-elementor-setting-key=\"second_heading_text\" data-elementor-inline-editing-toolbar=\"basic\"><\/span><\/span>\t\t\t\t\t\t\t\t\t\t\t\t\t<\/h3>\n\t\t<\/div>\n\t\t\t\t<\/div>\n\t\t\t\t<\/div>\n\t\t\t\t<div class=\"elementor-element elementor-element-6029d9f7 elementor-widget elementor-widget-text-editor\" data-id=\"6029d9f7\" data-element_type=\"widget\" data-widget_type=\"text-editor.default\">\n\t\t\t\t<div class=\"elementor-widget-container\">\n\t\t\t\t\t\t\t\t<div class=\"elementor-text-editor elementor-clearfix\">\n\t\t\t\t\tUna altra de les l\u00ednies d&#8217;especialitzaci\u00f3 del nostre gabinet \u00e9s el <b>Dret immobiliari<\/b>. Aquesta branca \u00e9s la que s&#8217;encarrega de regular tot el relacionat amb conflictes ve\u00efnals o comunals de qualsevol tipus.<br><br>D&#8217;igual forma, som experts coneixedors de la Llei de Propietat Horitzontal. Els conflictes, sobretot en comunitats de ve\u00efns, s\u00f3n bastant comuns. Per aix\u00f2, no est\u00e0 de m\u00e9s rec\u00f3rrer a consell expert quan es produeix qualsevol desacord en aquest \u00e0mbit.\t\t\t\t\t<\/div>\n\t\t\t\t\t\t<\/div>\n\t\t\t\t<\/div>\n\t\t\t\t<div class=\"elementor-element elementor-element-1426a4ea uael-stack-desktop-no uael-heading-stack-none elementor-widget elementor-widget-uael-dual-color-heading\" data-id=\"1426a4ea\" data-element_type=\"widget\" data-widget_type=\"uael-dual-color-heading.default\">\n\t\t\t\t<div class=\"elementor-widget-container\">\n\t\t\t\t\t\t\t<div class=\"uael-module-content uael-dual-color-heading\">\n\t\t\t<h3>\n\t\t\t\t\t\t\t\t\t\t\t\t\t\t\t\t<span class=\"uael-before-heading\"><span class=\"elementor-inline-editing uael-dual-heading-text uael-first-text\" data-elementor-setting-key=\"before_heading_text\" data-elementor-inline-editing-toolbar=\"basic\">Transaccions, conciliacions i solucions extrajudicials<br><br><br><\/span><\/span><span class=\"uael-adv-heading-stack\"><span class=\"elementor-inline-editing uael-dual-heading-text uael-highlight-text\" data-elementor-setting-key=\"second_heading_text\" data-elementor-inline-editing-toolbar=\"basic\"><\/span><\/span>\t\t\t\t\t\t\t\t\t\t\t\t\t<\/h3>\n\t\t<\/div>\n\t\t\t\t<\/div>\n\t\t\t\t<\/div>\n\t\t\t\t<div class=\"elementor-element elementor-element-577aec9f elementor-widget elementor-widget-text-editor\" data-id=\"577aec9f\" data-element_type=\"widget\" data-widget_type=\"text-editor.default\">\n\t\t\t\t<div class=\"elementor-widget-container\">\n\t\t\t\t\t\t\t\t<div class=\"elementor-text-editor elementor-clearfix\">\n\t\t\t\t\t<p>Nuestro equipo podr\u00e1 ayudarte a llegar a un acuerdo extrajudicial. As\u00ed podr\u00e1s evitar la celebraci\u00f3n de un juicio. Si bien es cierto que esto puede realizarse sin abogados, siempre es mucho mejor que cuentes con un experto que conozca la ley y tu caso particular para aprovechar al m\u00e1ximo tus recursos.<\/p><p>De esta manera, conseguir\u00e1s una conciliaci\u00f3n lo m\u00e1s ventajosa posible en el caso que tengas entre manos.<\/p>\t\t\t\t\t<\/div>\n\t\t\t\t\t\t<\/div>\n\t\t\t\t<\/div>\n\t\t\t\t<div class=\"elementor-element elementor-element-336351b7 uael-stack-desktop-no uael-heading-stack-none elementor-widget elementor-widget-uael-dual-color-heading\" data-id=\"336351b7\" data-element_type=\"widget\" data-widget_type=\"uael-dual-color-heading.default\">\n\t\t\t\t<div class=\"elementor-widget-container\">\n\t\t\t\t\t\t\t<div class=\"uael-module-content uael-dual-color-heading\">\n\t\t\t<h3>\n\t\t\t\t\t\t\t\t\t\t\t\t\t\t\t\t<span class=\"uael-before-heading\"><span class=\"elementor-inline-editing uael-dual-heading-text uael-first-text\" data-elementor-setting-key=\"before_heading_text\" data-elementor-inline-editing-toolbar=\"basic\">Procediments judicials en mat\u00e8ria de propietat<\/span><\/span><span class=\"uael-adv-heading-stack\"><span class=\"elementor-inline-editing uael-dual-heading-text uael-highlight-text\" data-elementor-setting-key=\"second_heading_text\" data-elementor-inline-editing-toolbar=\"basic\"><\/span><\/span>\t\t\t\t\t\t\t\t\t\t\t\t\t<\/h3>\n\t\t<\/div>\n\t\t\t\t<\/div>\n\t\t\t\t<\/div>\n\t\t\t\t<div class=\"elementor-element elementor-element-2e915d04 elementor-widget elementor-widget-text-editor\" data-id=\"2e915d04\" data-element_type=\"widget\" data-widget_type=\"text-editor.default\">\n\t\t\t\t<div class=\"elementor-widget-container\">\n\t\t\t\t\t\t\t\t<div class=\"elementor-text-editor elementor-clearfix\">\n\t\t\t\t\t\u00c9s a dir, dur a terme mediacions i arbitratges per arribar a un acord quan hi hagi una controv\u00e8rsia referent a la propietat de qualsevol b\u00e9.<br><br>Aquest tipus d&#8217;accions s\u00f3n comuns davant les ordres de desnonament i quan es produeixen desacords en el cobrament d&#8217;her\u00e8ncies amb propietats que pertanyen a diversos hereus.<br><br>Si el conflicte arriba a judici, els nostres experts t&#8217;acompanyaran durant tot el proc\u00e9s. S&#8217;encarregaran de preparar el cas, la defensa o l&#8217;acusaci\u00f3 i assessorant-te en tot moment del que podria passar i de l&#8217;estat del proc\u00e9s.\t\t\t\t\t<\/div>\n\t\t\t\t\t\t<\/div>\n\t\t\t\t<\/div>\n\t\t\t\t<div class=\"elementor-element elementor-element-17657061 uael-stack-desktop-no uael-heading-stack-none elementor-widget elementor-widget-uael-dual-color-heading\" data-id=\"17657061\" data-element_type=\"widget\" data-widget_type=\"uael-dual-color-heading.default\">\n\t\t\t\t<div class=\"elementor-widget-container\">\n\t\t\t\t\t\t\t<div class=\"uael-module-content uael-dual-color-heading\">\n\t\t\t<h3>\n\t\t\t\t\t\t\t\t\t\t\t\t\t\t\t\t<span class=\"uael-before-heading\"><span class=\"elementor-inline-editing uael-dual-heading-text uael-first-text\" data-elementor-setting-key=\"before_heading_text\" data-elementor-inline-editing-toolbar=\"basic\">Divisi\u00f3 judicial i extrajudicial de patrimonis<\/span><\/span><span class=\"uael-adv-heading-stack\"><span class=\"elementor-inline-editing uael-dual-heading-text uael-highlight-text\" data-elementor-setting-key=\"second_heading_text\" data-elementor-inline-editing-toolbar=\"basic\"><\/span><\/span>\t\t\t\t\t\t\t\t\t\t\t\t\t<\/h3>\n\t\t<\/div>\n\t\t\t\t<\/div>\n\t\t\t\t<\/div>\n\t\t\t\t<div class=\"elementor-element elementor-element-7e2d5859 elementor-widget elementor-widget-text-editor\" data-id=\"7e2d5859\" data-element_type=\"widget\" data-widget_type=\"text-editor.default\">\n\t\t\t\t<div class=\"elementor-widget-container\">\n\t\t\t\t\t\t\t\t<div class=\"elementor-text-editor elementor-clearfix\">\n\t\t\t\t\t<p>El nostre advocat civil a Barcelona s&#8217;encarregar\u00e0 dels problemes que solen derivar-se del cobrament d&#8217;her\u00e8ncies. No obstant aix\u00f2, en aquest cas l&#8217;objectiu principal \u00e9s no arribar a judici, alguna cosa que s&#8217;aconsegueix utilitzant aquests dos mecanismes:<br><\/p>\n<ul>\n<li><b>Mediaci\u00f3<\/b>: t&#8217;ajudarem al fet que arreglis els desacords amb tots els implicats de manera neutral.<\/li>\n<li><b>Arbitratge:<\/b> tamb\u00e9 busquem una soluci\u00f3, per\u00f2 de car\u00e0cter extrajudicial per a evitar acudir als tribunals.<\/li>\n<\/ul>\t\t\t\t\t<\/div>\n\t\t\t\t\t\t<\/div>\n\t\t\t\t<\/div>\n\t\t\t\t<div class=\"elementor-element elementor-element-53c0dc4 uael-stack-desktop-no uael-heading-stack-none elementor-widget elementor-widget-uael-dual-color-heading\" data-id=\"53c0dc4\" data-element_type=\"widget\" data-widget_type=\"uael-dual-color-heading.default\">\n\t\t\t\t<div class=\"elementor-widget-container\">\n\t\t\t\t\t\t\t<div class=\"uael-module-content uael-dual-color-heading\">\n\t\t\t<h3>\n\t\t\t\t\t\t\t\t\t\t\t\t\t\t\t\t<span class=\"uael-before-heading\"><span class=\"elementor-inline-editing uael-dual-heading-text uael-first-text\" data-elementor-setting-key=\"before_heading_text\" data-elementor-inline-editing-toolbar=\"basic\">Divisi\u00f3n judicial y extrajudicial de patrimonios<\/span><\/span><span class=\"uael-adv-heading-stack\"><span class=\"elementor-inline-editing uael-dual-heading-text uael-highlight-text\" data-elementor-setting-key=\"second_heading_text\" data-elementor-inline-editing-toolbar=\"basic\"><\/span><\/span>\t\t\t\t\t\t\t\t\t\t\t\t\t<\/h3>\n\t\t<\/div>\n\t\t\t\t<\/div>\n\t\t\t\t<\/div>\n\t\t\t\t<div class=\"elementor-element elementor-element-59d267f7 elementor-widget elementor-widget-text-editor\" data-id=\"59d267f7\" data-element_type=\"widget\" data-widget_type=\"text-editor.default\">\n\t\t\t\t<div class=\"elementor-widget-container\">\n\t\t\t\t\t\t\t\t<div class=\"elementor-text-editor elementor-clearfix\">\n\t\t\t\t\t<p>Finalment, tamb\u00e9 ens especialitzem en gesti\u00f3 d&#8217;ordres de desnonament i \nreclamaci\u00f3 d&#8217;aquestes. En moltes ocasions, aquestes ordres es donen \nperqu\u00e8 els contractes hipotecaris s\u00f3n abusius i fins i tot il\u00b7legals.<br><br>Aix\u00ed\n doncs, si t&#8217;asseguis en perill de perdre la teva casa, no et donis per \nven\u00e7ut i acudeix a un advocat especialista en Dret civil en el nostre \ndespatx de Barcelona.<br><br>Els nostres advocat experts en dret civil a\n Barcelona podran ajudar-te a resoldre tots aquests problemes. \nContacta&#8217;ns i t&#8217;ajudarem.<\/p>\t\t\t\t\t<\/div>\n\t\t\t\t\t\t<\/div>\n\t\t\t\t<\/div>\n\t\t\t\t\t\t<\/div>\n\t\t\t\t\t<\/div>\n\t\t<\/div>\n\t\t\t\t\t\t\t\t<\/div>\n\t\t\t\t\t<\/div>\n\t\t<\/section>\n\t\t\t\t\t\t<\/div>\n\t\t\t\t\t<\/div>\n\t\t<\/div>\n\t\t\t\t\t\t\t\t<\/div>\n\t\t\t\t\t<\/div>\n\t\t<\/section>\n\t\t\t\t<section class=\"elementor-section elementor-top-section elementor-element elementor-element-1aa5308d elementor-section-boxed elementor-section-height-default elementor-section-height-default\" data-id=\"1aa5308d\" data-element_type=\"section\" data-settings=\"{&quot;background_background&quot;:&quot;classic&quot;}\">\n\t\t\t\t\t\t<div class=\"elementor-container elementor-column-gap-default\">\n\t\t\t\t\t\t\t<div class=\"elementor-row\">\n\t\t\t\t\t<div class=\"elementor-column elementor-col-100 elementor-top-column elementor-element elementor-element-44eff02b\" data-id=\"44eff02b\" data-element_type=\"column\">\n\t\t\t<div class=\"elementor-column-wrap elementor-element-populated\">\n\t\t\t\t\t\t\t<div class=\"elementor-widget-wrap\">\n\t\t\t\t\t\t<div class=\"elementor-element elementor-element-1c6c7766 elementor-invisible elementor-widget elementor-widget-heading\" data-id=\"1c6c7766\" data-element_type=\"widget\" data-settings=\"{&quot;_animation&quot;:&quot;fadeInUp&quot;}\" data-widget_type=\"heading.default\">\n\t\t\t\t<div class=\"elementor-widget-container\">\n\t\t\t<p class=\"elementor-heading-title elementor-size-default\"><br>En les relacions personals o patrimonials, ja siguin persones f\u00edsiques o jur\u00eddiques, poden donar-se moltes situacions en les es requerir\u00e0 la intervenci\u00f3 d'un advocat professional de l'\u00e0mbit civil, que determini la millor soluci\u00f3, per a salvaguardar els interessos de la persona implicada.<\/p>\t\t<\/div>\n\t\t\t\t<\/div>\n\t\t\t\t\t\t<\/div>\n\t\t\t\t\t<\/div>\n\t\t<\/div>\n\t\t\t\t\t\t\t\t<\/div>\n\t\t\t\t\t<\/div>\n\t\t<\/section>\n\t\t\t\t<section class=\"elementor-section elementor-top-section elementor-element elementor-element-60ced083 elementor-section-boxed elementor-section-height-default elementor-section-height-default\" data-id=\"60ced083\" data-element_type=\"section\" data-settings=\"{&quot;background_background&quot;:&quot;classic&quot;}\">\n\t\t\t\t\t\t<div class=\"elementor-container elementor-column-gap-default\">\n\t\t\t\t\t\t\t<div class=\"elementor-row\">\n\t\t\t\t\t<div class=\"elementor-column elementor-col-100 elementor-top-column elementor-element elementor-element-890f88c\" data-id=\"890f88c\" data-element_type=\"column\">\n\t\t\t<div class=\"elementor-column-wrap elementor-element-populated\">\n\t\t\t\t\t\t\t<div class=\"elementor-widget-wrap\">\n\t\t\t\t\t\t<div class=\"elementor-element elementor-element-8e2cdc6 uael-stack-desktop-no uael-heading-stack-none elementor-widget elementor-widget-uael-dual-color-heading\" data-id=\"8e2cdc6\" data-element_type=\"widget\" data-widget_type=\"uael-dual-color-heading.default\">\n\t\t\t\t<div class=\"elementor-widget-container\">\n\t\t\t\t\t\t\t<div class=\"uael-module-content uael-dual-color-heading\">\n\t\t\t<h2>\n\t\t\t\t\t\t\t\t\t\t\t\t\t\t\t\t<span class=\"uael-before-heading\"><span class=\"elementor-inline-editing uael-dual-heading-text uael-first-text\" data-elementor-setting-key=\"before_heading_text\" data-elementor-inline-editing-toolbar=\"basic\">Contacta amb nosaltres<\/span><\/span><span class=\"uael-adv-heading-stack\"><span class=\"elementor-inline-editing uael-dual-heading-text uael-highlight-text\" data-elementor-setting-key=\"second_heading_text\" data-elementor-inline-editing-toolbar=\"basic\"><\/span><\/span>\t\t\t\t\t\t\t\t\t\t\t\t\t<\/h2>\n\t\t<\/div>\n\t\t\t\t<\/div>\n\t\t\t\t<\/div>\n\t\t\t\t<div class=\"elementor-element elementor-element-a5e6b01 elementor-button-align-start elementor-widget elementor-widget-form\" data-id=\"a5e6b01\" data-element_type=\"widget\" data-settings=\"{&quot;button_width&quot;:&quot;100&quot;,&quot;step_next_label&quot;:&quot;Next&quot;,&quot;step_previous_label&quot;:&quot;Previous&quot;,&quot;step_type&quot;:&quot;number_text&quot;,&quot;step_icon_shape&quot;:&quot;circle&quot;}\" data-widget_type=\"form.default\">\n\t\t\t\t<div class=\"elementor-widget-container\">\n\t\t\t\t\t<form class=\"elementor-form\" method=\"post\" name=\"Formulario de contacto\">\n\t\t\t<input type=\"hidden\" name=\"post_id\" value=\"1947\"\/>\n\t\t\t<input type=\"hidden\" name=\"form_id\" value=\"a5e6b01\"\/>\n\t\t\t<input type=\"hidden\" name=\"referer_title\" value=\"Garanley Abogados\" \/>\n\n\t\t\t\n\t\t\t<div class=\"elementor-form-fields-wrapper elementor-labels-\">\n\t\t\t\t\t\t\t\t<div class=\"elementor-field-type-text elementor-field-group elementor-column elementor-field-group-name elementor-col-50 elementor-field-required\">\n\t\t\t\t\t<label for=\"form-field-name\" class=\"elementor-field-label elementor-screen-only\">Nombre<\/label><input size=\"1\" type=\"text\" name=\"form_fields[name]\" id=\"form-field-name\" class=\"elementor-field elementor-size-md  elementor-field-textual\" placeholder=\"Nom\" required=\"required\" aria-required=\"true\">\t\t\t\t<\/div>\n\t\t\t\t\t\t\t\t<div class=\"elementor-field-type-tel elementor-field-group elementor-column elementor-field-group-6c48806 elementor-col-50 elementor-field-required\">\n\t\t\t\t\t<label for=\"form-field-6c48806\" class=\"elementor-field-label elementor-screen-only\">Tel\u00e9fono<\/label><input size=\"1\" type=\"tel\" name=\"form_fields[6c48806]\" id=\"form-field-6c48806\" class=\"elementor-field elementor-size-md  elementor-field-textual\" placeholder=\"Tel\u00e8fon\" required=\"required\" aria-required=\"true\" pattern=\"[0-9()#&amp;+*-=.]+\" title=\"Only numbers and phone characters (#, -, *, etc) are accepted.\">\t\t\t\t<\/div>\n\t\t\t\t\t\t\t\t<div class=\"elementor-field-type-text elementor-field-group elementor-column elementor-field-group-97b2e79 elementor-col-50 elementor-field-required\">\n\t\t\t\t\t<label for=\"form-field-97b2e79\" class=\"elementor-field-label elementor-screen-only\">Provincia<\/label><input size=\"1\" type=\"text\" name=\"form_fields[97b2e79]\" id=\"form-field-97b2e79\" class=\"elementor-field elementor-size-md  elementor-field-textual\" placeholder=\"Prov\u00edncia\" required=\"required\" aria-required=\"true\">\t\t\t\t<\/div>\n\t\t\t\t\t\t\t\t<div class=\"elementor-field-type-email elementor-field-group elementor-column elementor-field-group-email elementor-col-50 elementor-field-required\">\n\t\t\t\t\t<label for=\"form-field-email\" class=\"elementor-field-label elementor-screen-only\">Email<\/label><input size=\"1\" type=\"email\" name=\"form_fields[email]\" id=\"form-field-email\" class=\"elementor-field elementor-size-md  elementor-field-textual\" placeholder=\"Email\" required=\"required\" aria-required=\"true\">\t\t\t\t<\/div>\n\t\t\t\t\t\t\t\t<div class=\"elementor-field-type-textarea elementor-field-group elementor-column elementor-field-group-message elementor-col-100 elementor-field-required\">\n\t\t\t\t\t<label for=\"form-field-message\" class=\"elementor-field-label elementor-screen-only\">Mensaje<\/label><textarea class=\"elementor-field-textual elementor-field  elementor-size-md\" name=\"form_fields[message]\" id=\"form-field-message\" rows=\"5\" placeholder=\"Missatge\" required=\"required\" aria-required=\"true\"><\/textarea>\t\t\t\t<\/div>\n\t\t\t\t\t\t\t\t<div class=\"elementor-field-type-acceptance elementor-field-group elementor-column elementor-field-group-4657818 elementor-col-100 elementor-field-required\">\n\t\t\t\t\t<label for=\"form-field-4657818\" class=\"elementor-field-label elementor-screen-only\">Pol\u00edtica privacidad<\/label><div class=\"elementor-field-subgroup\"><span class=\"elementor-field-option\"><input type=\"checkbox\" name=\"form_fields[4657818]\" id=\"form-field-4657818\" class=\"elementor-field elementor-size-md  elementor-acceptance-field\" required=\"required\" aria-required=\"true\"> <label for=\"form-field-4657818\">Accepto la <a class=\"form2\" href=\"\/aviso-legal-politica-privacidad\/\">pol\u00edtica de privacitat<\/a>.\n<\/label><\/span><\/div>\t\t\t\t<\/div>\n\t\t\t\t\t\t\t\t<div class=\"elementor-field-group elementor-column elementor-field-type-submit elementor-col-100 e-form__buttons\">\n\t\t\t\t\t<button type=\"submit\" class=\"elementor-button elementor-size-md elementor-animation-grow\">\n\t\t\t\t\t\t<span >\n\t\t\t\t\t\t\t\t\t\t\t\t\t\t\t<span class=\" elementor-button-icon\">\n\t\t\t\t\t\t\t\t\t<i class=\"fa fa-send\" aria-hidden=\"true\"><\/i>\t\t\t\t\t\t\t\t\t\t\t\t\t\t\t\t\t<\/span>\n\t\t\t\t\t\t\t\t\t\t\t\t\t\t\t\t\t\t\t\t\t\t<span class=\"elementor-button-text\">Enviar Missatge<\/span>\n\t\t\t\t\t\t\t\t\t\t\t\t\t<\/span>\n\t\t\t\t\t<\/button>\n\t\t\t\t<\/div>\n\t\t\t<\/div>\n\t\t<\/form>\n\t\t\t\t<\/div>\n\t\t\t\t<\/div>\n\t\t\t\t<div class=\"elementor-element elementor-element-e28a2e7 elementor-widget elementor-widget-toggle\" data-id=\"e28a2e7\" data-element_type=\"widget\" data-widget_type=\"toggle.default\">\n\t\t\t\t<div class=\"elementor-widget-container\">\n\t\t\t\t\t<div class=\"elementor-toggle\" role=\"tablist\">\n\t\t\t\t\t\t\t<div class=\"elementor-toggle-item\">\n\t\t\t\t\t<div id=\"elementor-tab-title-2371\" class=\"elementor-tab-title\" data-tab=\"1\" role=\"tab\" aria-controls=\"elementor-tab-content-2371\" aria-expanded=\"false\">\n\t\t\t\t\t\t\t\t\t\t\t\t<span class=\"elementor-toggle-icon elementor-toggle-icon-left\" aria-hidden=\"true\">\n\t\t\t\t\t\t\t\t\t\t\t\t\t\t\t<i class=\"elementor-toggle-icon-closed fa fa-angle-right\"><\/i>\n\t\t\t\t\t\t\t\t<i class=\"elementor-toggle-icon-opened fa fa-angle-up\"><\/i>\n\t\t\t\t\t\t\t\t\t\t\t\t\t<\/span>\n\t\t\t\t\t\t\t\t\t\t\t\t<a href=\"\" class=\"elementor-toggle-title\">Informaci\u00f3 b\u00e0sica sobre protecci\u00f3 de dades<\/a>\n\t\t\t\t\t<\/div>\n\t\t\t\t\t<div id=\"elementor-tab-content-2371\" class=\"elementor-tab-content elementor-clearfix\" data-tab=\"1\" role=\"tabpanel\" aria-labelledby=\"elementor-tab-title-2371\"><p><strong>Responsable del fitxer:<\/strong> Garanley SLP.<br><strong>Finalitat:<\/strong> Donar resposta a la seva sol\u00b7licitud de contacte.<br><strong>Legitimaci\u00f3:<\/strong> el teu consentiment.<br><strong>Destinataris:<\/strong> les teves dades es troben allotjats en un hosting privat, titularitat de Solucions Web&nbsp; Online S.L., allotjat a Espanya.<br>Podr\u00e0s exercir els teus Drets d&#8217;acc\u00e9s, rectificaci\u00f3,limitaci\u00f3 o suprimir les teves dades enviant un email a <a href=\"mailto:mail@garanley.com\">mail@garanley.com<\/a><\/p><\/div>\n\t\t\t\t<\/div>\n\t\t\t\t\t\t\t\t<\/div>\n\t\t\t\t<\/div>\n\t\t\t\t<\/div>\n\t\t\t\t\t\t<\/div>\n\t\t\t\t\t<\/div>\n\t\t<\/div>\n\t\t\t\t\t\t\t\t<\/div>\n\t\t\t\t\t<\/div>\n\t\t<\/section>\n\t\t\t\t\t\t<\/div>\n\t\t\t\t\t\t<\/div>\n\t\t\t\t\t<\/div>\n\t\t","protected":false},"excerpt":{"rendered":"<p>Advocats civilistes a Barcelona Especialitzats en dret civilamb m\u00e9s de 15 anys d&#8217;experi\u00e8ncia En Garanley Advocats comptem amb professionals advocat en dret civil a Barcelona. Per aix\u00f2, si busques un advocat civil a Barcelona no dubtis a contactar-nos. Aquesta \u00e0rea \u00e9s la m\u00e9s ampli en mat\u00e8ries, degut que compr\u00e8n la gran extensi\u00f3 del nostre Ordenament &hellip;<\/p>\n<p class=\"read-more\"> <a class=\"\" href=\"https:\/\/garanley.com\/ca\/advocats-civilistes\/\"> <span class=\"screen-reader-text\">Derecho Civil<\/span> Read More \u00bb<\/a><\/p>\n","protected":false},"author":1,"featured_media":0,"parent":0,"menu_order":0,"comment_status":"closed","ping_status":"closed","template":"","meta":{"_monsterinsights_skip_tracking":false,"_monsterinsights_sitenote_active":false,"_monsterinsights_sitenote_note":"","_monsterinsights_sitenote_category":0,"footnotes":""},"class_list":["post-1947","page","type-page","status-publish","hentry"],"yoast_head":"<!-- This site is optimized with the Yoast SEO plugin v23.2 - https:\/\/yoast.com\/wordpress\/plugins\/seo\/ -->\n<title>Advocats de dret civil a Barcelona \u21d4 Garanley Advocats<\/title>\n<meta name=\"description\" content=\"A Garanley advocats trobar\u00e0s un equip especializat en dret civil a Barcelona amb extensa experi\u00e8ncia, tant a nivell assessorament com en l&#039;\u00e0mbit processal civil.\" \/>\n<meta name=\"robots\" content=\"index, follow, max-snippet:-1, max-image-preview:large, max-video-preview:-1\" \/>\n<link rel=\"canonical\" href=\"https:\/\/garanley.com\/ca\/abogados-civilistas\/\" \/>\n<meta property=\"og:locale\" content=\"ca_ES\" \/>\n<meta property=\"og:type\" content=\"article\" \/>\n<meta property=\"og:title\" content=\"Abogado en derecho civil en Barcelona \u21d4 Garanley Abogados\" \/>\n<meta property=\"og:description\" content=\"En Garanley encontrar\u00e1s un equipo de abogado en derecho civil en Barcelona con extensa experiencia, tanto a nivel asesoramiento como en el \u00e1mbito procesal civil\" \/>\n<meta property=\"og:url\" content=\"https:\/\/garanley.com\/abogados-civilistas\/\" \/>\n<meta property=\"og:site_name\" content=\"Garanley Abogados\" \/>\n<meta property=\"article:publisher\" content=\"https:\/\/www.facebook.com\/Garanley\/\" \/>\n<meta property=\"article:modified_time\" content=\"2019-03-22T11:21:51+00:00\" \/>\n<meta property=\"og:image\" content=\"https:\/\/garanley.com\/wp-content\/uploads\/1438655.png\" \/>\n\t<meta property=\"og:image:width\" content=\"290\" \/>\n\t<meta property=\"og:image:height\" content=\"190\" \/>\n\t<meta property=\"og:image:type\" content=\"image\/png\" \/>\n<meta name=\"twitter:card\" content=\"summary_large_image\" \/>\n<meta name=\"twitter:site\" content=\"@garanley\" \/>\n<meta name=\"twitter:label1\" content=\"Temps estimat de lectura\" \/>\n\t<meta name=\"twitter:data1\" content=\"5 minuts\" \/>\n<script type=\"application\/ld+json\" class=\"yoast-schema-graph\">{\"@context\":\"https:\/\/schema.org\",\"@graph\":[{\"@type\":\"WebPage\",\"@id\":\"https:\/\/garanley.com\/abogados-civilistas\/\",\"url\":\"https:\/\/garanley.com\/abogados-civilistas\/\",\"name\":\"Advocats de dret civil a Barcelona \u21d4 Garanley Advocats\",\"isPartOf\":{\"@id\":\"https:\/\/garanley.com\/#website\"},\"datePublished\":\"2019-03-13T09:19:06+00:00\",\"dateModified\":\"2019-03-22T11:21:51+00:00\",\"description\":\"A Garanley advocats trobar\u00e0s un equip especializat en dret civil a Barcelona amb extensa experi\u00e8ncia, tant a nivell assessorament com en l'\u00e0mbit processal civil.\",\"breadcrumb\":{\"@id\":\"https:\/\/garanley.com\/abogados-civilistas\/#breadcrumb\"},\"inLanguage\":\"ca\",\"potentialAction\":[{\"@type\":\"ReadAction\",\"target\":[\"https:\/\/garanley.com\/abogados-civilistas\/\"]}]},{\"@type\":\"BreadcrumbList\",\"@id\":\"https:\/\/garanley.com\/abogados-civilistas\/#breadcrumb\",\"itemListElement\":[{\"@type\":\"ListItem\",\"position\":1,\"name\":\"Inicio\",\"item\":\"https:\/\/garanley.com\/ca\/\"},{\"@type\":\"ListItem\",\"position\":2,\"name\":\"Derecho Civil\"}]},{\"@type\":\"WebSite\",\"@id\":\"https:\/\/garanley.com\/#website\",\"url\":\"https:\/\/garanley.com\/\",\"name\":\"Garanley Abogados\",\"description\":\"Despacho de Abogados en Barcelona\",\"publisher\":{\"@id\":\"https:\/\/garanley.com\/#organization\"},\"potentialAction\":[{\"@type\":\"SearchAction\",\"target\":{\"@type\":\"EntryPoint\",\"urlTemplate\":\"https:\/\/garanley.com\/?s={search_term_string}\"},\"query-input\":\"required name=search_term_string\"}],\"inLanguage\":\"ca\"},{\"@type\":\"Organization\",\"@id\":\"https:\/\/garanley.com\/#organization\",\"name\":\"Garanley Abogados\",\"url\":\"https:\/\/garanley.com\/\",\"logo\":{\"@type\":\"ImageObject\",\"inLanguage\":\"ca\",\"@id\":\"https:\/\/garanley.com\/#\/schema\/logo\/image\/\",\"url\":\"https:\/\/garanley.com\/wp-content\/uploads\/Abogados-Barcelona-Garanley.jpg\",\"contentUrl\":\"https:\/\/garanley.com\/wp-content\/uploads\/Abogados-Barcelona-Garanley.jpg\",\"width\":320,\"height\":120,\"caption\":\"Garanley Abogados\"},\"image\":{\"@id\":\"https:\/\/garanley.com\/#\/schema\/logo\/image\/\"},\"sameAs\":[\"https:\/\/www.facebook.com\/Garanley\/\",\"https:\/\/x.com\/garanley\"]}]}<\/script>\n<!-- \/ Yoast SEO plugin. -->","yoast_head_json":{"title":"Advocats de dret civil a Barcelona \u21d4 Garanley Advocats","description":"A Garanley advocats trobar\u00e0s un equip especializat en dret civil a Barcelona amb extensa experi\u00e8ncia, tant a nivell assessorament com en l'\u00e0mbit processal civil.","robots":{"index":"index","follow":"follow","max-snippet":"max-snippet:-1","max-image-preview":"max-image-preview:large","max-video-preview":"max-video-preview:-1"},"canonical":"https:\/\/garanley.com\/ca\/abogados-civilistas\/","og_locale":"ca_ES","og_type":"article","og_title":"Abogado en derecho civil en Barcelona \u21d4 Garanley Abogados","og_description":"En Garanley encontrar\u00e1s un equipo de abogado en derecho civil en Barcelona con extensa experiencia, tanto a nivel asesoramiento como en el \u00e1mbito procesal civil","og_url":"https:\/\/garanley.com\/abogados-civilistas\/","og_site_name":"Garanley Abogados","article_publisher":"https:\/\/www.facebook.com\/Garanley\/","article_modified_time":"2019-03-22T11:21:51+00:00","og_image":[{"width":290,"height":190,"url":"https:\/\/garanley.com\/wp-content\/uploads\/1438655.png","type":"image\/png"}],"twitter_card":"summary_large_image","twitter_site":"@garanley","twitter_misc":{"Temps estimat de lectura":"5 minuts"},"schema":{"@context":"https:\/\/schema.org","@graph":[{"@type":"WebPage","@id":"https:\/\/garanley.com\/abogados-civilistas\/","url":"https:\/\/garanley.com\/abogados-civilistas\/","name":"Advocats de dret civil a Barcelona \u21d4 Garanley Advocats","isPartOf":{"@id":"https:\/\/garanley.com\/#website"},"datePublished":"2019-03-13T09:19:06+00:00","dateModified":"2019-03-22T11:21:51+00:00","description":"A Garanley advocats trobar\u00e0s un equip especializat en dret civil a Barcelona amb extensa experi\u00e8ncia, tant a nivell assessorament com en l'\u00e0mbit processal civil.","breadcrumb":{"@id":"https:\/\/garanley.com\/abogados-civilistas\/#breadcrumb"},"inLanguage":"ca","potentialAction":[{"@type":"ReadAction","target":["https:\/\/garanley.com\/abogados-civilistas\/"]}]},{"@type":"BreadcrumbList","@id":"https:\/\/garanley.com\/abogados-civilistas\/#breadcrumb","itemListElement":[{"@type":"ListItem","position":1,"name":"Inicio","item":"https:\/\/garanley.com\/ca\/"},{"@type":"ListItem","position":2,"name":"Derecho Civil"}]},{"@type":"WebSite","@id":"https:\/\/garanley.com\/#website","url":"https:\/\/garanley.com\/","name":"Garanley Abogados","description":"Despacho de Abogados en Barcelona","publisher":{"@id":"https:\/\/garanley.com\/#organization"},"potentialAction":[{"@type":"SearchAction","target":{"@type":"EntryPoint","urlTemplate":"https:\/\/garanley.com\/?s={search_term_string}"},"query-input":"required name=search_term_string"}],"inLanguage":"ca"},{"@type":"Organization","@id":"https:\/\/garanley.com\/#organization","name":"Garanley Abogados","url":"https:\/\/garanley.com\/","logo":{"@type":"ImageObject","inLanguage":"ca","@id":"https:\/\/garanley.com\/#\/schema\/logo\/image\/","url":"https:\/\/garanley.com\/wp-content\/uploads\/Abogados-Barcelona-Garanley.jpg","contentUrl":"https:\/\/garanley.com\/wp-content\/uploads\/Abogados-Barcelona-Garanley.jpg","width":320,"height":120,"caption":"Garanley Abogados"},"image":{"@id":"https:\/\/garanley.com\/#\/schema\/logo\/image\/"},"sameAs":["https:\/\/www.facebook.com\/Garanley\/","https:\/\/x.com\/garanley"]}]}},"_links":{"self":[{"href":"https:\/\/garanley.com\/ca\/wp-json\/wp\/v2\/pages\/1947\/"}],"collection":[{"href":"https:\/\/garanley.com\/ca\/wp-json\/wp\/v2\/pages\/"}],"about":[{"href":"https:\/\/garanley.com\/ca\/wp-json\/wp\/v2\/types\/page\/"}],"author":[{"embeddable":true,"href":"https:\/\/garanley.com\/ca\/wp-json\/wp\/v2\/users\/1\/"}],"replies":[{"embeddable":true,"href":"https:\/\/garanley.com\/ca\/wp-json\/wp\/v2\/comments\/?post=1947"}],"version-history":[{"count":0,"href":"https:\/\/garanley.com\/ca\/wp-json\/wp\/v2\/pages\/1947\/revisions\/"}],"wp:attachment":[{"href":"https:\/\/garanley.com\/ca\/wp-json\/wp\/v2\/media\/?parent=1947"}],"curies":[{"name":"wp","href":"https:\/\/api.w.org\/{rel}","templated":true}]}}